{"version":"1.0","provider_name":"Hello Manu","provider_url":"https:\/\/hellomanu.cafeblog.hu","author_name":"Dokika","author_url":"https:\/\/hellomanu.cafeblog.hu\/author\/dokika\/","title":"\u00d6r\u00f6ms\u00ed t\u00f6meg n\u00e9lk\u00fcl","html":"<p><a href=\"https:\/\/szuperutazasok.cafeblog.hu\/2016\/11\/01\/utazas-gyerekekkel\/\" target=\"_blank\" rel=\"noopener noreferrer\">Utaztunk m\u00e1r Br\u00fan\u00f3val<\/a>\u00a0eg\u00e9sz sokat a sz\u00fclet\u00e9se \u00f3ta eltelt 5 \u00e9vben, de eddig m\u00e9g mindig egym\u00e1st sz\u00f3rakoztattuk minden utaz\u00e1s alatt, \u00e9jjel-nappal egy\u00fctt voltunk, soha nem b\u00edztuk babysitterre, se anim\u00e1torra, se senkire, k\u00e9nytelen volt be\u00e9rni vel\u00fcnk:) Egyszer m\u00e1r s\u00edelni is voltunk egy\u00fctt, de akkor m\u00e9g nagyon pici volt, alig 2 \u00e9ves, \u00edgy fel sem mer\u00fclt, hogy s\u00edsuliba j\u00e1rjon. Akkor annyi volt csak a l\u00e9nyeg, hogy sz\u00e9p helyen voltunk, egy\u00fctt voltunk bar\u00e1tokkal, \u00e9s felv\u00e1ltva otthon maradtunk vele, m\u00edg a m\u00e1sik a t\u00f6bbiekkel s\u00edelt. Az is klassz volt, de ez a mostani utaz\u00e1s eg\u00e9szen m\u00e1s dimenzi\u00f3kat nyitott.\u00a0<\/p>\r\n<p><img class=\"aligncenter size-large wp-image-2165\" src=\"https:\/\/szuperutazasok.cafeblog.hu\/files\/2017\/01\/DO3B6902-600x400.jpg\" alt=\"\" width=\"600\" height=\"400\" \/><\/p>\r\n<p><!--more--><\/p>\r\n<p>Piancavalloba, Olaszorsz\u00e1gba ment\u00fcnk egy h\u00e9tre a szuper profi\u00a0<a href=\"http:\/\/sitanoda.hu\/\" target=\"_blank\" rel=\"noopener noreferrer\">S\u00edtanod\u00e1val<\/a>,\u00a0de ez\u00fattal \u00fagy, hogy csak h\u00e1rman - nem bar\u00e1ti t\u00e1rsas\u00e1ggal - \u00e9s Br\u00fan\u00f3t be\u00edrattuk s\u00edsuliba, helyesebben s\u00edoviba.\u00a0<a href=\"http:\/\/sitanoda.hu\/gyerekoktatas\" target=\"_blank\" rel=\"noopener noreferrer\">S\u00edoviba<\/a>, ami naponta 2 x 1,5 \u00f3r\u00e1s foglalkoz\u00e1s, d\u00e9lel\u0151tt illetve d\u00e9lut\u00e1n, kis l\u00e9tsz\u00e1m\u00fa csoportban, hasonl\u00f3 kor\u00fa gyerekekkel, 2-3 feln\u0151tt oktat\u00f3 \u00e9s anim\u00e1tor seg\u00edts\u00e9g\u00e9vel. K\u00e9tszer m\u00e1sf\u00e9l \u00f3ra. Tudod mennyi az? Nett\u00f3 3 \u00f3ra szabadid\u0151. H\u00e1rmat mondtam? H\u00e1t legyen ink\u00e1bb 5,5, mert ez a s\u00edovi olyan, hogy s\u00ednapk\u00f6zit is lehet k\u00e9rni mell\u00e9, ami azt jelenti, hogy a gyerekek a k\u00e9t s\u00ed\u00f3ra k\u00f6z\u00f6tt anim\u00e1torokkal vannak, akik m\u00e9g eb\u00e9delni is elviszik \u0151ket, \u00e9s v\u00e9gig vigy\u00e1znak r\u00e1juk, sz\u00f3rakoztatj\u00e1k \u0151ket. Magyarul reggel 9-t\u0151l f\u00e9l 3-ig s\u00edoviban \u00e9s napk\u00f6ziben vannak a kicsik, gondos fel\u00fcgyelet alatt.<\/p>\r\n<p><img class=\"aligncenter size-large wp-image-2164\" src=\"https:\/\/szuperutazasok.cafeblog.hu\/files\/2017\/01\/DO3B6769-400x600.jpg\" alt=\"\" width=\"400\" height=\"600\" \/><\/p>\r\n<p>F\u00e9lre ne \u00e9rtsetek, im\u00e1dunk Br\u00fan\u00f3val lenni, de 5 \u00e9vesen az\u00e9rt m\u00e1r nem olyan nagy m\u00f3ka neki \u00e1lland\u00f3an vel\u00fcnk lenni, \u00e9s annyira j\u00f3 volt, hogy teljes biztons\u00e1gban tudtuk eg\u00e9sz nap, \u00e9s mi is tudtunk szabadon s\u00edelni, hogy el nem tudom mondani. Olyan v\u00e1ratlanul \u00e9rt minket ez a nagy szabads\u00e1g, hogy hirtelen t\u00fal sok is lett a szabadid\u0151:) Egy id\u0151 ut\u00e1n azon kaptuk magunkat, hogy csak \u00fcl\u00fcnk csendben egym\u00e1s mellett a h\u00fctt\u00e9ben, mert m\u00e1r kibesz\u00e9lgett\u00fck magunkat, \u00e9s kb. most pihent\u00fcnk meg \u00fagy igaz\u00e1n el\u0151sz\u00f6r az elm\u00falt 5 \u00e9v alatt...:) De komolyan. Emlegett\u00fck is, hogy olyan ez, mint mikor m\u00e9g a sz\u00fclet\u00e9se el\u0151tt j\u00e1rtunk s\u00edelni, 6-8-10 \u00e9vvel ezel\u0151tt, csak akkor m\u00e9g forralt bort ittunk minden alkalommal, most meg \"\u00f6regesen\":) csak te\u00e1zgattunk. \u00c9s k\u00f6zben Br\u00fan\u00f3 szuper j\u00f3l\u00a0\u00e9rezte mag\u00e1t, \u00e9s m\u00e9g mindig ott volt a nap m\u00e1sodik fele, amit azt\u00e1n egy\u00fctt t\u00f6lt\u00f6tt\u00fcnk. De arr\u00f3l majd m\u00e9g k\u00e9s\u0151bb, csak ezt mindenk\u00e9ppen el akartam mondani. \u00a0<\/p>\r\n<p><a href=\"https:\/\/szuperutazasok.cafeblog.hu\/files\/2017\/01\/DO3B6821.jpg\"><img class=\"aligncenter size-large wp-image-2163\" src=\"https:\/\/szuperutazasok.cafeblog.hu\/files\/2017\/01\/DO3B6821-600x400.jpg\" alt=\"\" width=\"600\" height=\"400\" \/><\/a><\/p>\r\n<p>A fot\u00f3kat T\u00f3th Erika k\u00e9sz\u00edtette,\u00a0<a href=\"http:\/\/www.atefotostudiod.hu\" target=\"_blank\" rel=\"noopener noreferrer\">a Te fot\u00f3studi\u00f3'd<\/a>\u00a0fotogr\u00e1fusa.<\/p>","type":"rich","thumbnail_url":"https:\/\/hellomanu.cafeblog.hu\/files\/2017\/01\/IMG_20170118_100509-600x450-150x150.jpg","thumbnail_width":150,"thumbnail_height":150}